{"id":1131,"date":"2024-03-09T12:16:04","date_gmt":"2024-03-09T11:16:04","guid":{"rendered":"https:\/\/varaderoportbara.com\/avis-legal\/"},"modified":"2024-06-08T12:11:39","modified_gmt":"2024-06-08T10:11:39","slug":"avis-legal","status":"publish","type":"page","link":"https:\/\/varaderoportbara.com\/ca\/avis-legal\/","title":{"rendered":"Av\u00eds legal"},"content":{"rendered":"\n<h2 class=\"wp-block-heading\">Av\u00eds Legal<\/h2>\n\n<p><strong>1. Identificaci\u00f3 del Titular<\/strong><\/p>\n\n<ul class=\"wp-block-list\">\n<li><strong>Ra\u00f3 social:<\/strong> Varadero Port Bara Societat Limitada<\/li>\n\n\n\n<li><strong>CIF:<\/strong> B55608921<\/li>\n\n\n\n<li><strong>Adre\u00e7a:<\/strong> Passeig Maritim (Zona Costera), S\/N, Roda De Bera, 43883, Tarragona<\/li>\n\n\n\n<li><strong>Contacte:<\/strong> [email protected]<\/li>\n\n\n\n<li><strong>Tel\u00e8fon:<\/strong> 645 86 34 66<\/li>\n<\/ul>\n\n<p><strong>2. Objecte i \u00e0mbit daplicaci\u00f3<\/strong><\/p>\n\n<p>Aquest Av\u00eds Legal regula l&#8217;acc\u00e9s, navegaci\u00f3 i \u00fas del lloc web <a target=\"_blank\" rel=\"noreferrer noopener\" href=\"https:\/\/varaderoportbara.com\/ca\/\">https:\/\/varaderoportbara.com\/<\/a> (d&#8217;ara endavant, el Lloc Web).<\/p>\n\n<p>L&#8217;acc\u00e9s i la navegaci\u00f3 pel Lloc Web suposen l&#8217;acceptaci\u00f3 sense reserves del present Av\u00eds Legal.<\/p>\n\n<p><strong>3. Propietat intel\u00b7lectual i industrial<\/strong><\/p>\n\n<p>Tots els continguts del Lloc Web, incloent-hi, sense car\u00e0cter limitatiu, textos, imatges, fotografies, logotips, marques comercials i dissenys, estan protegits per drets de propietat intel\u00b7lectual i industrial.<\/p>\n\n<p>L&#8217;usuari reconeix que la propietat intel\u00b7lectual i industrial sobre el Lloc Web i els seus continguts pertany a Varadero Port Bara oa tercers.<\/p>\n\n<p>L&#8217;usuari no podr\u00e0 utilitzar el Lloc Web ni els seus continguts de manera que infringeixi els drets de propietat intel\u00b7lectual i industrial de Varadero Port Bara o de tercers.<\/p>\n\n<p><strong>4. Responsabilitats<\/strong><\/p>\n\n<p>Varadero Port Bara no es responsabilitza dels danys i perjudicis que puguin derivar-se de l&#8217;acc\u00e9s, navegaci\u00f3 i \u00fas del Lloc Web, incloent-hi, sense car\u00e0cter limitatiu, els danys i perjudicis causats pels motius seg\u00fcents:<\/p>\n\n<ul class=\"wp-block-list\">\n<li>La pres\u00e8ncia de virus o malware al Lloc Web.<\/li>\n\n\n\n<li>El mal \u00fas del Lloc Web per part de lusuari.<\/li>\n\n\n\n<li>Els errors o omissions en els continguts del Lloc Web.<\/li>\n\n\n\n<li>La interrupci\u00f3 del servei del Lloc Web.<\/li>\n<\/ul>\n\n<p>Varadero Port Bara no es responsabilitza dels danys i perjudicis que puguin derivar-se de l&#8217;\u00fas de la informaci\u00f3 continguda al Lloc Web.<\/p>\n\n<p><strong>5. Enlla\u00e7os<\/strong><\/p>\n\n<p>El lloc web pot contenir enlla\u00e7os a altres llocs web. Varadero Port Bara no es responsabilitza dels continguts, productes o serveis prestats als llocs web enlla\u00e7ats.<\/p>\n\n<p><strong>6. Legislaci\u00f3 i jurisdicci\u00f3<\/strong><\/p>\n\n<p>Aquest Av\u00eds Legal es regeix per la legislaci\u00f3 espanyola.<\/p>\n\n<p>Per a la resoluci\u00f3 de qualsevol controv\u00e8rsia que es pugui derivar de l&#8217;acc\u00e9s, la navegaci\u00f3 i l&#8217;\u00fas del Lloc Web, les parts se sotmeten a la jurisdicci\u00f3 dels Jutjats i Tribunals de Tarragona.<\/p>\n\n<p><strong>7. Pol\u00edtica de cookies<\/strong><\/p>\n\n<p>Aquest lloc web utilitza cookies per millorar lexperi\u00e8ncia de lusuari. Podeu obtenir m\u00e9s informaci\u00f3 sobre la nostra Pol\u00edtica de cookies al seg\u00fcent enlla\u00e7:[enlace a la Pol\u00edtica de cookies] .<\/p>\n\n<p><strong>8. Modificaci\u00f3 de l&#8217;Av\u00eds Legal<\/strong><\/p>\n\n<p>Varadero Port Bara es reserva el dret a modificar aquest Av\u00eds Legal en qualsevol moment. La nova Pol\u00edtica de Privadesa ser\u00e0 publicada en aquest mateix lloc web.<\/p>\n\n<p><strong>9. Acceptaci\u00f3 de l&#8217;Av\u00eds Legal<\/strong><\/p>\n\n<p>L\u00b4\u00fas d\u00b4aquest lloc web implica l\u00b4acceptaci\u00f3 del present Av\u00eds Legal.<\/p>\n\n<p><strong>10. Contacte<\/strong><\/p>\n\n<p>Si teniu qualsevol pregunta o dubte sobre aquest Av\u00eds Legal, podeu posar-vos en contacte amb Varadero Port Bara a trav\u00e9s de l&#8217;adre\u00e7a indicada a l&#8217;apartat 1 o enviant un correu electr\u00f2nic a info@varaderoportbara.com<\/p>\n","protected":false},"excerpt":{"rendered":"<p>Av\u00eds Legal 1. Identificaci\u00f3 del Titular 2. Objecte i \u00e0mbit daplicaci\u00f3 Aquest Av\u00eds Legal regula l&#8217;acc\u00e9s, navegaci\u00f3 i \u00fas del lloc web https:\/\/varaderoportbara.com\/ (d&#8217;ara endavant, el Lloc Web). L&#8217;acc\u00e9s i la navegaci\u00f3 pel Lloc Web suposen l&#8217;acceptaci\u00f3 sense reserves del present Av\u00eds Legal. 3. Propietat intel\u00b7lectual i industrial Tots els continguts del Lloc Web, incloent-hi, [&hellip;]<\/p>\n","protected":false},"author":1,"featured_media":0,"parent":0,"menu_order":0,"comment_status":"closed","ping_status":"closed","template":"","meta":{"_uag_custom_page_level_css":"","footnotes":""},"class_list":["post-1131","page","type-page","status-publish","hentry"],"blocksy_meta":[],"uagb_featured_image_src":{"full":false,"thumbnail":false,"medium":false,"medium_large":false,"large":false,"1536x1536":false,"2048x2048":false},"uagb_author_info":{"display_name":"rubenfh","author_link":"https:\/\/varaderoportbara.com\/ca\/author\/rubenfh\/"},"uagb_comment_info":0,"uagb_excerpt":"Av\u00eds Legal 1. Identificaci\u00f3 del Titular 2. Objecte i \u00e0mbit daplicaci\u00f3 Aquest Av\u00eds Legal regula l&#8217;acc\u00e9s, navegaci\u00f3 i \u00fas del lloc web https:\/\/varaderoportbara.com\/ (d&#8217;ara endavant, el Lloc Web). L&#8217;acc\u00e9s i la navegaci\u00f3 pel Lloc Web suposen l&#8217;acceptaci\u00f3 sense reserves del present Av\u00eds Legal. 3. Propietat intel\u00b7lectual i industrial Tots els continguts del Lloc Web, incloent-hi,&hellip;","_links":{"self":[{"href":"https:\/\/varaderoportbara.com\/ca\/wp-json\/wp\/v2\/pages\/1131","targetHints":{"allow":["GET"]}}],"collection":[{"href":"https:\/\/varaderoportbara.com\/ca\/wp-json\/wp\/v2\/pages"}],"about":[{"href":"https:\/\/varaderoportbara.com\/ca\/wp-json\/wp\/v2\/types\/page"}],"author":[{"embeddable":true,"href":"https:\/\/varaderoportbara.com\/ca\/wp-json\/wp\/v2\/users\/1"}],"replies":[{"embeddable":true,"href":"https:\/\/varaderoportbara.com\/ca\/wp-json\/wp\/v2\/comments?post=1131"}],"version-history":[{"count":1,"href":"https:\/\/varaderoportbara.com\/ca\/wp-json\/wp\/v2\/pages\/1131\/revisions"}],"predecessor-version":[{"id":1132,"href":"https:\/\/varaderoportbara.com\/ca\/wp-json\/wp\/v2\/pages\/1131\/revisions\/1132"}],"wp:attachment":[{"href":"https:\/\/varaderoportbara.com\/ca\/wp-json\/wp\/v2\/media?parent=1131"}],"curies":[{"name":"wp","href":"https:\/\/api.w.org\/{rel}","templated":true}]}}