{"id":1172,"date":"2024-03-05T09:29:10","date_gmt":"2024-03-05T08:29:10","guid":{"rendered":"https:\/\/varaderoportbara.com\/entreprise\/"},"modified":"2026-02-10T14:31:25","modified_gmt":"2026-02-10T13:31:25","slug":"entreprise","status":"publish","type":"page","link":"https:\/\/varaderoportbara.com\/fr\/entreprise\/","title":{"rendered":"Entreprise"},"content":{"rendered":"\n<div class=\"wp-block-cover alignfull\" style=\"padding-top:var(--wp--preset--spacing--50);padding-right:var(--wp--preset--spacing--70);padding-bottom:var(--wp--preset--spacing--50);padding-left:var(--wp--preset--spacing--70)\"><video class=\"wp-block-cover__video-background intrinsic-ignore\" autoplay muted loop playsinline src=\"https:\/\/blamark.com\/varadero\/wp-content\/uploads\/2024\/03\/production_id_4385165-1080p-Compressed-with-FlexClip-2-1.mp4\" data-object-fit=\"cover\"><\/video><span aria-hidden=\"true\" class=\"wp-block-cover__background has-palette-color-2-background-color has-background-dim-90 has-background-dim\"><\/span><div class=\"wp-block-cover__inner-container is-layout-constrained wp-container-core-cover-is-layout-06918552 wp-block-cover-is-layout-constrained\">\n<figure class=\"wp-block-image aligncenter size-medium is-resized\"><img loading=\"lazy\" decoding=\"async\" width=\"300\" height=\"187\" src=\"https:\/\/varaderoportbara.com\/wp-content\/uploads\/2024\/03\/logo-portbara-300x187.webp\" alt=\"\" class=\"wp-image-570\" style=\"width:204px;height:auto\" srcset=\"https:\/\/varaderoportbara.com\/wp-content\/uploads\/2024\/03\/logo-portbara-300x187.webp 300w, https:\/\/varaderoportbara.com\/wp-content\/uploads\/2024\/03\/logo-portbara-768x480.webp 768w, https:\/\/varaderoportbara.com\/wp-content\/uploads\/2024\/03\/logo-portbara.webp 853w\" sizes=\"auto, (max-width: 300px) 100vw, 300px\" \/><\/figure>\n\n\n\n<h2 class=\"wp-block-heading has-text-align-center has-palette-color-1-color has-text-color has-link-color has-medium-font-size wp-elements-27b1b15735fbc8db8af86a1b81a31b8e\"><strong>Avec Varadero Port Bar\u00e0, votre passion pour la mer se traduit par une exp\u00e9rience de service in\u00e9gal\u00e9e.  <\/strong><\/h2>\n\n\n\n<p class=\"has-text-align-center has-medium-font-size\"><strong>Ayez l&rsquo;esprit tranquille en sachant que votre bateau est entre les mains des meilleurs professionnels du secteur nautique en Catalogne.<\/strong><\/p>\n\n\n\n<div class=\"wp-block-uagb-buttons uagb-buttons__outer-wrap uagb-btn__default-btn uagb-btn-tablet__default-btn uagb-btn-mobile__default-btn uagb-block-958d1b04\"><div class=\"uagb-buttons__wrap uagb-buttons-layout-wrap \">\n<div class=\"wp-block-uagb-buttons-child uagb-buttons__outer-wrap uagb-block-fd6e98c6 wp-block-button\"><div class=\"uagb-button__wrapper\"><a class=\"uagb-buttons-repeater wp-block-button__link\" aria-label=\"\" href=\"tel:34645863466\" rel=\"nofollow noopener\" target=\"_self\" role=\"button\"><div class=\"uagb-button__link\">APPELEZ-NOUS<\/div><span class=\"uagb-button__icon uagb-button__icon-position-after\"><svg xmlns=\"https:\/\/www.w3.org\/2000\/svg\" viewbox=\"0 0 448 512\" aria-hidden=\"true\" focussable=\"false\"><path d=\"M384 32H64C28.65 32 0 60.65 0 96v320c0 35.35 28.65 64 64 64h320c35.35 0 64-28.65 64-64V96C448 60.65 419.3 32 384 32zM351.6 321.5l-11.62 50.39c-1.633 7.125-7.9 12.11-15.24 12.11c-126.1 0-228.7-102.6-228.7-228.8c0-7.328 4.984-13.59 12.11-15.22l50.38-11.63c7.344-1.703 14.88 2.109 17.93 9.062l23.27 54.28c2.719 6.391 .8828 13.83-4.492 18.22L168.3 232c16.99 34.61 45.14 62.75 79.77 79.75l22.02-26.91c4.344-5.391 11.85-7.25 18.24-4.484l54.24 23.25C349.5 306.6 353.3 314.2 351.6 321.5z\"><\/path><\/svg><\/span><\/a><\/div><\/div>\n\n\n\n<div class=\"wp-block-uagb-buttons-child uagb-buttons__outer-wrap uagb-block-daddfb22 wp-block-button\"><div class=\"uagb-button__wrapper\"><a class=\"uagb-buttons-repeater wp-block-button__link\" aria-label=\"\" href=\"mailto:info@varaderoportbara.com\" rel=\"follow noopener\" target=\"_self\" role=\"button\"><div class=\"uagb-button__link\">\u00c9CRIVEZ-NOUS<\/div><span class=\"uagb-button__icon uagb-button__icon-position-after\"><svg xmlns=\"https:\/\/www.w3.org\/2000\/svg\" viewbox=\"0 0 512 512\" aria-hidden=\"true\" focussable=\"false\"><path d=\"M464 64C490.5 64 512 85.49 512 112C512 127.1 504.9 141.3 492.8 150.4L275.2 313.6C263.8 322.1 248.2 322.1 236.8 313.6L19.2 150.4C7.113 141.3 0 127.1 0 112C0 85.49 21.49 64 48 64H464zM217.6 339.2C240.4 356.3 271.6 356.3 294.4 339.2L512 176V384C512 419.3 483.3 448 448 448H64C28.65 448 0 419.3 0 384V176L217.6 339.2z\"><\/path><\/svg><\/span><\/a><\/div><\/div>\n<\/div><\/div>\n<\/div><\/div>\n\n<div class=\"wp-block-uagb-container uagb-block-d06a58c0 alignfull uagb-is-root-container\"><div class=\"uagb-container-inner-blocks-wrap\">\n<div class=\"wp-block-uagb-container uagb-block-2c927ea3\">\n<figure class=\"wp-block-image size-full\"><img loading=\"lazy\" decoding=\"async\" width=\"1024\" height=\"768\" src=\"https:\/\/blamark.com\/varadero\/wp-content\/uploads\/2024\/03\/fotoexterior.jpeg\" alt=\"\" class=\"wp-image-677\" srcset=\"https:\/\/varaderoportbara.com\/wp-content\/uploads\/2024\/03\/fotoexterior.jpeg 1024w, https:\/\/varaderoportbara.com\/wp-content\/uploads\/2024\/03\/fotoexterior-300x225.jpeg 300w, https:\/\/varaderoportbara.com\/wp-content\/uploads\/2024\/03\/fotoexterior-768x576.jpeg 768w\" sizes=\"auto, (max-width: 1024px) 100vw, 1024px\" \/><\/figure>\n<\/div>\n\n\n\n<div class=\"wp-block-uagb-container uagb-block-605be617\">\n<h2 class=\"wp-block-heading\">Notre histoire<\/h2>\n\n\n\n<hr class=\"wp-block-separator has-alpha-channel-opacity is-style-wide\" style=\"margin-top:var(--wp--preset--spacing--40);margin-bottom:var(--wp--preset--spacing--40)\"\/>\n\n\n\n<p>Au c\u0153ur de la marina Roda de Bar\u00e0 se trouve Varadero Port Bar\u00e0, un espace pour les bateaux et les marins \u00e0 la recherche d&rsquo;un service exceptionnel dans un cadre incomparable. Forts d&rsquo;une solide exp\u00e9rience et d&rsquo;une passion qui remonte \u00e0 plusieurs d\u00e9cennies, nous nous sommes d\u00e9velopp\u00e9s en m\u00eame temps que la communaut\u00e9 nautique de Catalogne, consolidant notre position de chantier naval de r\u00e9f\u00e9rence pour la communaut\u00e9 locale et les marins internationaux.<\/p>\n<\/div>\n<\/div><\/div>\n\n<div class=\"wp-block-uagb-container uagb-block-2dacdca2 alignfull uagb-is-root-container\"><div class=\"uagb-container-inner-blocks-wrap\">\n<div class=\"wp-block-uagb-container uagb-block-5c97b85f\">\n<figure class=\"wp-block-image size-full\"><img loading=\"lazy\" decoding=\"async\" width=\"1440\" height=\"1080\" src=\"https:\/\/blamark.com\/varadero\/wp-content\/uploads\/2024\/03\/83804622_131971834968689_4378977174137339904_n.jpg\" alt=\"\" class=\"wp-image-680\" srcset=\"https:\/\/varaderoportbara.com\/wp-content\/uploads\/2024\/03\/83804622_131971834968689_4378977174137339904_n.jpg 1440w, https:\/\/varaderoportbara.com\/wp-content\/uploads\/2024\/03\/83804622_131971834968689_4378977174137339904_n-300x225.jpg 300w, https:\/\/varaderoportbara.com\/wp-content\/uploads\/2024\/03\/83804622_131971834968689_4378977174137339904_n-1024x768.jpg 1024w, https:\/\/varaderoportbara.com\/wp-content\/uploads\/2024\/03\/83804622_131971834968689_4378977174137339904_n-768x576.jpg 768w\" sizes=\"auto, (max-width: 1440px) 100vw, 1440px\" \/><\/figure>\n<\/div>\n\n\n\n<div class=\"wp-block-uagb-container uagb-block-dc29de15\">\n<h2 class=\"wp-block-heading\">Mission et vision<\/h2>\n\n\n\n<hr class=\"wp-block-separator has-alpha-channel-opacity is-style-wide\" style=\"margin-top:var(--wp--preset--spacing--40);margin-bottom:var(--wp--preset--spacing--40)\"\/>\n\n\n\n<p>Notre mission est de fournir un entretien complet des bateaux en combinant des techniques d&rsquo;entretien de pointe et un service \u00e0 la client\u00e8le proche et personnel. \u00c0 Varadero Port Bar\u00e0, chaque bateau est trait\u00e9 comme s&rsquo;il \u00e9tait le n\u00f4tre, avec une attention m\u00e9ticuleuse et un engagement d&rsquo;excellence qui nous pousse \u00e0 \u00eatre les leaders du secteur. Nous aspirons \u00e0 \u00eatre plus qu&rsquo;un chantier naval ; notre objectif est d&rsquo;\u00eatre un partenaire dans le voyage de navigation de chaque client.<\/p>\n<\/div>\n<\/div><\/div>\n\n<div class=\"wp-block-uagb-container uagb-block-76e82f68 alignfull uagb-is-root-container\"><div class=\"uagb-container-inner-blocks-wrap\">\n<div class=\"wp-block-uagb-container uagb-block-8aa59c5e\">\n<figure class=\"wp-block-image size-full\"><img loading=\"lazy\" decoding=\"async\" width=\"1440\" height=\"808\" src=\"https:\/\/blamark.com\/varadero\/wp-content\/uploads\/2024\/03\/300405479_516778463783005_4799045914249172670_n.jpg\" alt=\"\" class=\"wp-image-682\" srcset=\"https:\/\/varaderoportbara.com\/wp-content\/uploads\/2024\/03\/300405479_516778463783005_4799045914249172670_n.jpg 1440w, https:\/\/varaderoportbara.com\/wp-content\/uploads\/2024\/03\/300405479_516778463783005_4799045914249172670_n-300x168.jpg 300w, https:\/\/varaderoportbara.com\/wp-content\/uploads\/2024\/03\/300405479_516778463783005_4799045914249172670_n-1024x575.jpg 1024w, https:\/\/varaderoportbara.com\/wp-content\/uploads\/2024\/03\/300405479_516778463783005_4799045914249172670_n-768x431.jpg 768w\" sizes=\"auto, (max-width: 1440px) 100vw, 1440px\" \/><\/figure>\n<\/div>\n\n\n\n<div class=\"wp-block-uagb-container uagb-block-eb3168b2\">\n<h2 class=\"wp-block-heading\">Engagement en faveur de la qualit\u00e9<\/h2>\n\n\n\n<hr class=\"wp-block-separator has-alpha-channel-opacity is-style-wide\" style=\"margin-top:var(--wp--preset--spacing--40);margin-bottom:var(--wp--preset--spacing--40)\"\/>\n\n\n\n<p>\u00c0 Varadero Port Bar\u00e0, nous sommes fiers de notre savoir-faire et de notre pr\u00e9cision. Nous utilisons exclusivement des produits antifouling haut de gamme de la marque INTERNATIONAL pour garantir une finition sup\u00e9rieure et une protection durable. Nos installations sont \u00e9quip\u00e9es des derni\u00e8res technologies et notre personnel se tient constamment au courant des derni\u00e8res techniques et des meilleures pratiques du secteur.<\/p>\n<\/div>\n<\/div><\/div>\n\n<div class=\"wp-block-uagb-container uagb-block-736beb35 alignfull uagb-is-root-container\"><div class=\"uagb-container-inner-blocks-wrap\">\n<div class=\"wp-block-uagb-container uagb-block-6e336157\">\n<figure class=\"wp-block-image size-full\"><img loading=\"lazy\" decoding=\"async\" width=\"1440\" height=\"1440\" src=\"https:\/\/blamark.com\/varadero\/wp-content\/uploads\/2024\/03\/100609367_165395714959634_2551366609985863680_n.jpg\" alt=\"\" class=\"wp-image-685\" srcset=\"https:\/\/varaderoportbara.com\/wp-content\/uploads\/2024\/03\/100609367_165395714959634_2551366609985863680_n.jpg 1440w, https:\/\/varaderoportbara.com\/wp-content\/uploads\/2024\/03\/100609367_165395714959634_2551366609985863680_n-300x300.jpg 300w, https:\/\/varaderoportbara.com\/wp-content\/uploads\/2024\/03\/100609367_165395714959634_2551366609985863680_n-1024x1024.jpg 1024w, https:\/\/varaderoportbara.com\/wp-content\/uploads\/2024\/03\/100609367_165395714959634_2551366609985863680_n-150x150.jpg 150w, https:\/\/varaderoportbara.com\/wp-content\/uploads\/2024\/03\/100609367_165395714959634_2551366609985863680_n-768x768.jpg 768w\" sizes=\"auto, (max-width: 1440px) 100vw, 1440px\" \/><\/figure>\n<\/div>\n\n\n\n<div class=\"wp-block-uagb-container uagb-block-7a9c3cf2\">\n<h2 class=\"wp-block-heading\">Services personnalis\u00e9s<\/h2>\n\n\n\n<hr class=\"wp-block-separator has-alpha-channel-opacity is-style-wide\" style=\"margin-top:var(--wp--preset--spacing--40);margin-bottom:var(--wp--preset--spacing--40)\"\/>\n\n\n\n<p>Nous comprenons que chaque navire a ses propres particularit\u00e9s. C&rsquo;est pourquoi nous vous proposons une gamme de services con\u00e7us pour couvrir tous les besoins, des plus \u00e9l\u00e9mentaires aux plus complexes. Que vous ayez besoin d&rsquo;un entretien de routine, de r\u00e9parations sp\u00e9cialis\u00e9es ou de conseils techniques, notre \u00e9quipe est pr\u00eate \u00e0 vous fournir des solutions efficaces et efficientes.<\/p>\n<\/div>\n<\/div><\/div>\n\n<div class=\"wp-block-uagb-container uagb-block-d74b3125 alignfull uagb-is-root-container\"><div class=\"uagb-container-inner-blocks-wrap\">\n<div class=\"wp-block-uagb-container uagb-block-c6f9dc8b\">\n<figure class=\"wp-block-image size-full\"><img loading=\"lazy\" decoding=\"async\" width=\"1440\" height=\"1440\" src=\"https:\/\/blamark.com\/varadero\/wp-content\/uploads\/2024\/03\/84513533_131694648329741_451845089413562368_n.jpg\" alt=\"\" class=\"wp-image-688\" srcset=\"https:\/\/varaderoportbara.com\/wp-content\/uploads\/2024\/03\/84513533_131694648329741_451845089413562368_n.jpg 1440w, https:\/\/varaderoportbara.com\/wp-content\/uploads\/2024\/03\/84513533_131694648329741_451845089413562368_n-300x300.jpg 300w, https:\/\/varaderoportbara.com\/wp-content\/uploads\/2024\/03\/84513533_131694648329741_451845089413562368_n-1024x1024.jpg 1024w, https:\/\/varaderoportbara.com\/wp-content\/uploads\/2024\/03\/84513533_131694648329741_451845089413562368_n-150x150.jpg 150w, https:\/\/varaderoportbara.com\/wp-content\/uploads\/2024\/03\/84513533_131694648329741_451845089413562368_n-768x768.jpg 768w\" sizes=\"auto, (max-width: 1440px) 100vw, 1440px\" \/><\/figure>\n<\/div>\n\n\n\n<div class=\"wp-block-uagb-container uagb-block-2d7bcafd\">\n<h2 class=\"wp-block-heading\">D\u00e9veloppement durable et environnement<\/h2>\n\n\n\n<hr class=\"wp-block-separator has-alpha-channel-opacity is-style-wide\" style=\"margin-top:var(--wp--preset--spacing--40);margin-bottom:var(--wp--preset--spacing--40)\"\/>\n\n\n\n<p>\u00c0 Varadero Port Bar\u00e0, nous sommes fiers du travail bien fait. Nous n&rsquo;utilisons que des produits haut de gamme pour garantir une finition sup\u00e9rieure et une protection durable. Nos installations sont \u00e9quip\u00e9es des derni\u00e8res technologies et notre personnel se tient constamment au courant des derni\u00e8res techniques et des meilleures pratiques du secteur.<\/p>\n<\/div>\n<\/div><\/div>\n\n<div class=\"wp-block-uagb-container uagb-block-8bca1f0f alignfull uagb-is-root-container\"><div class=\"uagb-container__video-wrap\"><video autoplay loop muted playsinline><source src=\"https:\/\/blamark.com\/varadero\/wp-content\/uploads\/2024\/03\/pexels-rostislav-uzunov-7385122-2160p-Compressed-with-FlexClip-Compressed-with-FlexClip.mp4\" type=\"video\/mp4\"\/><\/video><\/div><div class=\"uagb-container-inner-blocks-wrap\">\n<div class=\"wp-block-uagb-container uagb-block-549baa82\">\n<h2 class=\"wp-block-heading has-palette-color-1-color has-text-color has-link-color wp-elements-7ea38723b3b5cb47c86437ea61d69e3b\">Notre \u00e9quipe<\/h2>\n\n\n\n<hr class=\"wp-block-separator has-alpha-channel-opacity is-style-wide\" style=\"margin-top:var(--wp--preset--spacing--40);margin-bottom:var(--wp--preset--spacing--40)\"\/>\n\n\n\n<div class=\"wp-block-group is-vertical is-layout-flex wp-container-core-group-is-layout-fe9cc265 wp-block-group-is-layout-flex\">\n<p class=\"has-palette-color-6-color has-text-color has-link-color wp-elements-944e0c81d7c1fc9569e94df22c531659\">L&rsquo;\u00e9quipe de Varadero Port Bar\u00e0 est le c\u0153ur de notre op\u00e9ration. Gr\u00e2ce \u00e0 des professionnels hautement qualifi\u00e9s et \u00e0 un service client\u00e8le qui va au-del\u00e0 des attentes, nous veillons \u00e0 ce que chaque interaction soit positive, efficace et m\u00e9morable.<\/p>\n\n\n\n<p class=\"has-palette-color-6-color has-text-color has-link-color wp-elements-e56333e311f219256b181da8d36e7488\">\u00c0 Varadero Port Bar\u00e0, chaque jour est une nouvelle occasion de d\u00e9montrer notre amour de la mer et notre engagement envers ceux qui partagent cette passion. Nous sommes l\u00e0 pour veiller \u00e0 ce que votre exp\u00e9rience de la navigation de plaisance soit s\u00fbre, agr\u00e9able et in\u00e9gal\u00e9e.<\/p>\n\n\n\n<div class=\"wp-block-uagb-buttons uagb-buttons__outer-wrap uagb-btn__default-btn uagb-btn-tablet__default-btn uagb-btn-mobile__default-btn uagb-block-8138dab3\"><div class=\"uagb-buttons__wrap uagb-buttons-layout-wrap \">\n<div class=\"wp-block-uagb-buttons-child uagb-buttons__outer-wrap uagb-block-d671d91a wp-block-button\"><div class=\"uagb-button__wrapper\"><a class=\"uagb-buttons-repeater wp-block-button__link\" aria-label=\"\" href=\"tel:34645863466\" rel=\"nofollow noopener\" target=\"_self\" role=\"button\"><div class=\"uagb-button__link\">APPELEZ-NOUS<\/div><span class=\"uagb-button__icon uagb-button__icon-position-after\"><svg xmlns=\"https:\/\/www.w3.org\/2000\/svg\" viewbox=\"0 0 448 512\" aria-hidden=\"true\" focussable=\"false\"><path d=\"M384 32H64C28.65 32 0 60.65 0 96v320c0 35.35 28.65 64 64 64h320c35.35 0 64-28.65 64-64V96C448 60.65 419.3 32 384 32zM351.6 321.5l-11.62 50.39c-1.633 7.125-7.9 12.11-15.24 12.11c-126.1 0-228.7-102.6-228.7-228.8c0-7.328 4.984-13.59 12.11-15.22l50.38-11.63c7.344-1.703 14.88 2.109 17.93 9.062l23.27 54.28c2.719 6.391 .8828 13.83-4.492 18.22L168.3 232c16.99 34.61 45.14 62.75 79.77 79.75l22.02-26.91c4.344-5.391 11.85-7.25 18.24-4.484l54.24 23.25C349.5 306.6 353.3 314.2 351.6 321.5z\"><\/path><\/svg><\/span><\/a><\/div><\/div>\n\n\n\n<div class=\"wp-block-uagb-buttons-child uagb-buttons__outer-wrap uagb-block-4d1f9ce2 wp-block-button\"><div class=\"uagb-button__wrapper\"><a class=\"uagb-buttons-repeater wp-block-button__link\" aria-label=\"\" href=\"mailto:info@varaderoportbara.com\" rel=\"follow noopener\" target=\"_self\" role=\"button\"><div class=\"uagb-button__link\">\u00c9CRIVEZ-NOUS<\/div><span class=\"uagb-button__icon uagb-button__icon-position-after\"><svg xmlns=\"https:\/\/www.w3.org\/2000\/svg\" viewbox=\"0 0 512 512\" aria-hidden=\"true\" focussable=\"false\"><path d=\"M464 64C490.5 64 512 85.49 512 112C512 127.1 504.9 141.3 492.8 150.4L275.2 313.6C263.8 322.1 248.2 322.1 236.8 313.6L19.2 150.4C7.113 141.3 0 127.1 0 112C0 85.49 21.49 64 48 64H464zM217.6 339.2C240.4 356.3 271.6 356.3 294.4 339.2L512 176V384C512 419.3 483.3 448 448 448H64C28.65 448 0 419.3 0 384V176L217.6 339.2z\"><\/path><\/svg><\/span><\/a><\/div><\/div>\n<\/div><\/div>\n<\/div>\n<\/div>\n<\/div><\/div>\n\n<div class=\"wp-block-cover alignfull\"><span aria-hidden=\"true\" class=\"wp-block-cover__background has-palette-color-2-background-color has-background-dim-100 has-background-dim\"><\/span><div class=\"wp-block-cover__inner-container is-layout-constrained wp-block-cover-is-layout-constrained\">\n<h2 class=\"wp-block-heading has-text-align-center has-palette-color-1-color has-text-color has-link-color wp-elements-651a82da62292ee3608d4f6de30e5f61\">Contactez Varadero Port Bar\u00e0<\/h2>\n\n\n\n<p class=\"has-text-align-center has-medium-font-size\">Pour des services personnalis\u00e9s et des demandes de renseignements, n&rsquo;h\u00e9sitez pas \u00e0 nous contacter \u00e0 l&rsquo;adresse <a>info@varaderoportbara.com<\/a> ou en nous appelant \u00e0 l&rsquo;adresse <a href=\"tel:977800866\">977800866.<\/a> Nous sommes \u00e9galement disponibles aux num\u00e9ros de t\u00e9l\u00e9phone suivants : Marc : <a href=\"tel:34645863466\">645863466<\/a> et Juanjo : <a href=\"tel:664299494\">664299494<\/a>.<\/p>\n\n\n\n<p class=\"has-text-align-center has-medium-font-size\"><strong>Horaires : <\/strong>du lundi au vendredi de 8h00 \u00e0 17h00 et le samedi de 8h00 \u00e0 12h00.<\/p>\n\n\n\n<div class=\"wp-block-uagb-buttons uagb-buttons__outer-wrap uagb-btn__default-btn uagb-btn-tablet__default-btn uagb-btn-mobile__default-btn uagb-block-2139e607\"><div class=\"uagb-buttons__wrap uagb-buttons-layout-wrap \">\n<div class=\"wp-block-uagb-buttons-child uagb-buttons__outer-wrap uagb-block-266ffa89 wp-block-button\"><div class=\"uagb-button__wrapper\"><a class=\"uagb-buttons-repeater wp-block-button__link\" aria-label=\"\" href=\"tel:34977800866\" rel=\"nofollow noopener\" target=\"_self\" role=\"button\"><div class=\"uagb-button__link\">APPELEZ-NOUS<\/div><span class=\"uagb-button__icon uagb-button__icon-position-after\"><svg xmlns=\"https:\/\/www.w3.org\/2000\/svg\" viewbox=\"0 0 448 512\" aria-hidden=\"true\" focussable=\"false\"><path d=\"M384 32H64C28.65 32 0 60.65 0 96v320c0 35.35 28.65 64 64 64h320c35.35 0 64-28.65 64-64V96C448 60.65 419.3 32 384 32zM351.6 321.5l-11.62 50.39c-1.633 7.125-7.9 12.11-15.24 12.11c-126.1 0-228.7-102.6-228.7-228.8c0-7.328 4.984-13.59 12.11-15.22l50.38-11.63c7.344-1.703 14.88 2.109 17.93 9.062l23.27 54.28c2.719 6.391 .8828 13.83-4.492 18.22L168.3 232c16.99 34.61 45.14 62.75 79.77 79.75l22.02-26.91c4.344-5.391 11.85-7.25 18.24-4.484l54.24 23.25C349.5 306.6 353.3 314.2 351.6 321.5z\"><\/path><\/svg><\/span><\/a><\/div><\/div>\n\n\n\n<div class=\"wp-block-uagb-buttons-child uagb-buttons__outer-wrap uagb-block-3dbf6540 wp-block-button\"><div class=\"uagb-button__wrapper\"><a class=\"uagb-buttons-repeater wp-block-button__link\" aria-label=\"\" href=\"mailto:info@varaderoportbara.com\" rel=\"follow noopener\" target=\"_self\" role=\"button\"><div class=\"uagb-button__link\">\u00c9CRIVEZ-NOUS<\/div><span class=\"uagb-button__icon uagb-button__icon-position-after\"><svg xmlns=\"https:\/\/www.w3.org\/2000\/svg\" viewbox=\"0 0 512 512\" aria-hidden=\"true\" focussable=\"false\"><path d=\"M464 64C490.5 64 512 85.49 512 112C512 127.1 504.9 141.3 492.8 150.4L275.2 313.6C263.8 322.1 248.2 322.1 236.8 313.6L19.2 150.4C7.113 141.3 0 127.1 0 112C0 85.49 21.49 64 48 64H464zM217.6 339.2C240.4 356.3 271.6 356.3 294.4 339.2L512 176V384C512 419.3 483.3 448 448 448H64C28.65 448 0 419.3 0 384V176L217.6 339.2z\"><\/path><\/svg><\/span><\/a><\/div><\/div>\n<\/div><\/div>\n<\/div><\/div>\n\t\t\t<div \n\t\t\tclass=\"wp-block-uagb-google-map uagb-google-map__wrap uagb-block-eaa77454     mapa\"\n\t\t\tstyle=\"\" >\n\t\t\t\t<embed\n\t\t\t\t\tclass=\"uagb-google-map__iframe\"\n\t\t\t\t\ttitle=\"Carte Google pour \"\n\t\t\t\t\tsrc=\"https:\/\/maps.google.com\/maps?q=varadero%20port%20bar%C3%A0&#038;z=15&#038;hl=es&#038;t=m&#038;output=embed&#038;iwloc=near\"\n\t\t\t\t\twidth=\"640\"\n\t\t\t\t\theight=\"300\"\n\t\t\t\t\tloading=\"lazy\"\n\t\t\t\t><\/embed>\n\t\t\t<\/div>\n\t\t\t","protected":false},"excerpt":{"rendered":"<p>Notre histoire Au c\u0153ur de la marina Roda de Bar\u00e0 se trouve Varadero Port Bar\u00e0, un espace pour les bateaux et les marins \u00e0 la recherche d&rsquo;un service exceptionnel dans un cadre incomparable. Forts d&rsquo;une solide exp\u00e9rience et d&rsquo;une passion qui remonte \u00e0 plusieurs d\u00e9cennies, nous nous sommes d\u00e9velopp\u00e9s en m\u00eame temps que la communaut\u00e9 [&hellip;]<\/p>\n","protected":false},"author":1,"featured_media":0,"parent":0,"menu_order":0,"comment_status":"closed","ping_status":"closed","template":"","meta":{"_uag_custom_page_level_css":"","footnotes":""},"class_list":["post-1172","page","type-page","status-publish","hentry"],"blocksy_meta":[],"uagb_featured_image_src":{"full":false,"thumbnail":false,"medium":false,"medium_large":false,"large":false,"1536x1536":false,"2048x2048":false},"uagb_author_info":{"display_name":"rubenfh","author_link":"https:\/\/varaderoportbara.com\/fr\/author\/rubenfh\/"},"uagb_comment_info":0,"uagb_excerpt":"Notre histoire Au c\u0153ur de la marina Roda de Bar\u00e0 se trouve Varadero Port Bar\u00e0, un espace pour les bateaux et les marins \u00e0 la recherche d&rsquo;un service exceptionnel dans un cadre incomparable. Forts d&rsquo;une solide exp\u00e9rience et d&rsquo;une passion qui remonte \u00e0 plusieurs d\u00e9cennies, nous nous sommes d\u00e9velopp\u00e9s en m\u00eame temps que la communaut\u00e9\u2026","_links":{"self":[{"href":"https:\/\/varaderoportbara.com\/fr\/wp-json\/wp\/v2\/pages\/1172","targetHints":{"allow":["GET"]}}],"collection":[{"href":"https:\/\/varaderoportbara.com\/fr\/wp-json\/wp\/v2\/pages"}],"about":[{"href":"https:\/\/varaderoportbara.com\/fr\/wp-json\/wp\/v2\/types\/page"}],"author":[{"embeddable":true,"href":"https:\/\/varaderoportbara.com\/fr\/wp-json\/wp\/v2\/users\/1"}],"replies":[{"embeddable":true,"href":"https:\/\/varaderoportbara.com\/fr\/wp-json\/wp\/v2\/comments?post=1172"}],"version-history":[{"count":2,"href":"https:\/\/varaderoportbara.com\/fr\/wp-json\/wp\/v2\/pages\/1172\/revisions"}],"predecessor-version":[{"id":1971,"href":"https:\/\/varaderoportbara.com\/fr\/wp-json\/wp\/v2\/pages\/1172\/revisions\/1971"}],"wp:attachment":[{"href":"https:\/\/varaderoportbara.com\/fr\/wp-json\/wp\/v2\/media?parent=1172"}],"curies":[{"name":"wp","href":"https:\/\/api.w.org\/{rel}","templated":true}]}}